{"id":1869,"date":"2011-08-19T10:24:18","date_gmt":"2011-08-19T09:24:18","guid":{"rendered":"http:\/\/jaheca.se\/vardagsliv\/?page_id=12"},"modified":"2026-04-05T16:30:55","modified_gmt":"2026-04-05T15:30:55","slug":"kameror","status":"publish","type":"page","link":"https:\/\/jaheca.se\/livetpalandet\/kameror\/","title":{"rendered":"Kameror"},"content":{"rendered":"<p>Jag har varit intresserad av att fotografera sedan barnsben, och med \u00e5ren har det blivit mer och mer, dock bara p\u00e5 hobbybasis. Det \u00e4r jag som \u00e4r fotografen i familjen\u2026.*ler*<\/p>\n<p>Mina favoritmotiv \u00e4r:<br \/>\n*blommor &amp; v\u00e4xter, b\u00e5de i naturen och i tr\u00e4dg\u00e5rden<br \/>\n*djur, b\u00e5de vilda &amp; tama<br \/>\n*soluppg\u00e5ngar &amp; solnedg\u00e5ngar<br \/>\n*semestermotiv fr\u00e5n v\u00e5ra resor<\/p>\n<p>Har haft m\u00e5nga kameror genom \u00e5ren, minns den f\u00f6rsta med blixtkuber\u2026! Tyv\u00e4rr minns jag inte namnen p\u00e5 alla, men jag vet att jag har haft 2 enkla kameror f\u00f6rst.<\/p>\n<p>Jag har bland annat haft Yashica, Pentax och Olympus, alla analoga.<\/p>\n<p>Digitalkameror jag<strong>&nbsp;haft<\/strong>&nbsp;\u00e4r:<br \/>\nFujifilm FinePix 1300 (har sparat den&#8230; )<br \/>\nOlympus C-740 UZ<br \/>\nOlympus C-310 zoom<br \/>\nCanon Powershot S3 IS&nbsp;<br \/>\nCanon PowerShot A590 IS&nbsp;<br \/>\nCanon Powershot SX230 HS&nbsp;<br \/>\nCanon EOS 350D<br \/>\nCanon EOS 450D (s\u00e5ld h\u00f6sten 2018)<\/p>\n<h3><strong>Mina standardkameror<\/strong><\/h3>\n<p><strong>Samsung Galaxy S21 FE<\/strong><\/p>\n<p>Denna mobilkamera tar riktigt bra bilder, och \u00e4r numera min standardkamera i n\u00e4stan alla sammanhang och situationer.<\/p>\n<p><strong>Canon EOS M50 +&nbsp;EF-M 15-45\/3,5-6,3 IS STM<\/strong><\/p>\n<p>&nbsp;<a href=\"https:\/\/jaheca.se\/livetpalandet\/wp-content\/uploads\/2020\/01\/eosm501545svart_2.jpg\"><img loading=\"lazy\" decoding=\"async\" class=\"alignnone wp-image-8787\" src=\"https:\/\/jaheca.se\/livetpalandet\/wp-content\/uploads\/2020\/01\/eosm501545svart_2.jpg\" alt=\"\" width=\"305\" height=\"305\" srcset=\"https:\/\/jaheca.se\/livetpalandet\/wp-content\/uploads\/2020\/01\/eosm501545svart_2.jpg 350w, https:\/\/jaheca.se\/livetpalandet\/wp-content\/uploads\/2020\/01\/eosm501545svart_2-150x150.jpg 150w\" sizes=\"auto, (max-width: 305px) 100vw, 305px\" \/><\/a><\/p>\n<p><a href=\"https:\/\/jaheca.se\/livetpalandet\/wp-content\/uploads\/2020\/01\/eosm501545svart_6.jpg\"><img loading=\"lazy\" decoding=\"async\" class=\"alignnone wp-image-8786\" src=\"https:\/\/jaheca.se\/livetpalandet\/wp-content\/uploads\/2020\/01\/eosm501545svart_6.jpg\" alt=\"\" width=\"309\" height=\"309\" srcset=\"https:\/\/jaheca.se\/livetpalandet\/wp-content\/uploads\/2020\/01\/eosm501545svart_6.jpg 350w, https:\/\/jaheca.se\/livetpalandet\/wp-content\/uploads\/2020\/01\/eosm501545svart_6-150x150.jpg 150w\" sizes=\"auto, (max-width: 309px) 100vw, 309px\" \/><\/a><\/p>\n<p>Min f\u00f6rsta spegelfria systemkamera, som jag precis har b\u00f6rjat l\u00e4ra mig. Gillar verkligen den vinklingsbara sk\u00e4rmen och att den \u00e4r s\u00e5 pass liten och l\u00e4tt att hantera. Anv\u00e4nder den mest i fotostudion eller n\u00e4r jag \u00e4r ute i naturen sj\u00e4lv.<\/p>\n","protected":false},"excerpt":{"rendered":"<p>Jag har varit intresserad av att fotografera sedan barnsben, och med \u00e5ren har det blivit mer och mer, dock bara p\u00e5 hobbybasis. Det \u00e4r jag som \u00e4r fotografen i familjen\u2026.*ler* Mina favoritmotiv \u00e4r: *blommor &amp; v\u00e4xter, b\u00e5de i naturen och i tr\u00e4dg\u00e5rden *djur, b\u00e5de vilda &amp; tama *soluppg\u00e5ngar &amp; solnedg\u00e5ngar *semestermotiv fr\u00e5n v\u00e5ra resor Har haft m\u00e5nga kameror genom \u00e5ren, minns den f\u00f6rsta med blixtkuber\u2026! Tyv\u00e4rr minns jag inte namnen p\u00e5 alla, men jag vet att jag har haft 2&#8230; <a class=\"continue-reading-link\" href=\"https:\/\/jaheca.se\/livetpalandet\/kameror\/\">L\u00e4s vidare <span class=\"meta-nav\">&rarr; <\/span><\/a><\/p>\n","protected":false},"author":1,"featured_media":0,"parent":0,"menu_order":4,"comment_status":"closed","ping_status":"closed","template":"","meta":{"ngg_post_thumbnail":0,"footnotes":""},"class_list":["post-1869","page","type-page","status-publish","hentry"],"_links":{"self":[{"href":"https:\/\/jaheca.se\/livetpalandet\/wp-json\/wp\/v2\/pages\/1869","targetHints":{"allow":["GET"]}}],"collection":[{"href":"https:\/\/jaheca.se\/livetpalandet\/wp-json\/wp\/v2\/pages"}],"about":[{"href":"https:\/\/jaheca.se\/livetpalandet\/wp-json\/wp\/v2\/types\/page"}],"author":[{"embeddable":true,"href":"https:\/\/jaheca.se\/livetpalandet\/wp-json\/wp\/v2\/users\/1"}],"replies":[{"embeddable":true,"href":"https:\/\/jaheca.se\/livetpalandet\/wp-json\/wp\/v2\/comments?post=1869"}],"version-history":[{"count":6,"href":"https:\/\/jaheca.se\/livetpalandet\/wp-json\/wp\/v2\/pages\/1869\/revisions"}],"predecessor-version":[{"id":12328,"href":"https:\/\/jaheca.se\/livetpalandet\/wp-json\/wp\/v2\/pages\/1869\/revisions\/12328"}],"wp:attachment":[{"href":"https:\/\/jaheca.se\/livetpalandet\/wp-json\/wp\/v2\/media?parent=1869"}],"curies":[{"name":"wp","href":"https:\/\/api.w.org\/{rel}","templated":true}]}}